{"id":89,"date":"2022-09-03T18:37:38","date_gmt":"2022-09-03T21:37:38","guid":{"rendered":"http:\/\/cedaf.fca.unju.edu.ar\/?page_id=89"},"modified":"2024-08-13T12:32:43","modified_gmt":"2024-08-13T15:32:43","slug":"nosotros","status":"publish","type":"page","link":"http:\/\/cedaf.fca.unju.edu.ar\/?page_id=89","title":{"rendered":"Nosotros"},"content":{"rendered":"\n<p class=\"has-medium-font-size\"><strong>Somos CEDAF<\/strong><\/p>\n\n\n\n<p>El CEDAF creado a mediados del a\u00f1o 2005 en al \u00e1mbito de la Facultad de Ciencias Agrarias de la UNJu (Resoluci\u00f3n CAFCA NO 300\/05), es un centro especializado en el desarrollo de tecnolog\u00eda agroecol\u00f3gica, el estudio de casos, la validaci\u00f3n y difusi\u00f3n de tecnolog\u00eda tradicional y la extensi\u00f3n de los resultados en el \u00e1mbito de la agricultura familiar (AF).<\/p>\n\n\n\n<p>En un inicio el equipo t\u00e9cnico estuvo constituido por docentes\u2014investigadores y t\u00e9cnicos INTA PROHUERTA\u2014Jujuy; el mismo fue creciendo en actores de distintas instituciones p\u00fablicas y privadas, integr\u00e1ndose alumnos avanzados de la facultad en el marco de becas, pasant\u00edas y\/o tesinas, conform\u00e1ndose un equipo interdisciplinario e interinstitucional que permite el abordaje de propuestas para el sector de forma integrada.<\/p>\n\n\n\n<p>En el marco de SECTER, PROINDER, PROSAP, Voluntariados Universitarios, entre otros, se ejecutan, l\u00edneas de investigaci\u00f3n en innovaciones para el manejo agroecol\u00f3gico, biorremediaci\u00f3n de suelo, desarrollo de bioproductos para el manejo sanitario y nutricional de los cultivos y modelos de evaluaci\u00f3n de calidad de biopreparados y bioinsumos apropiados y apropiables por las organizaciones de AFs. En todos los casos el principio es la promoci\u00f3n del uso de recursos locales accesibles a los Afs.<\/p>\n\n\n\n<p>Se desarrollan instancias de formaci\u00f3n\u2014talleres junto a extensionistas y AFs de la provincia, vinculada reflexionar sobre soberan\u00eda alimentaria, enfoque agroecol\u00f3gico, elaboraci\u00f3n de insumos, redise\u00f1o de los sistemas productivos, etc. La investigaci\u00f3n participativa junto a extensionistas y AFs in situ bajo las condiciones de trabajo propio, representa una estrategia de difusi\u00f3n y retroalimentaci\u00f3n permanente de propuestas mediante la articulaci\u00f3n del CEDAF con instituciones como la Secretaria de Agricultura Familiar, el INTA\u2014IPAF, INTA Abra Pampa, San Pedro, ProHuerta y organizaciones de productores de la provincia (Red Puna, Cooperativa Prosol, Comunidad aborigen de Villa El perchel, Consorcio de riego de Yuto, entre otros).<\/p>\n\n\n\n<p>En la campa\u00f1a 2014 al 2017 en el marco de un proyecto de PROSAP de iniciativas de transferencia de innovaci\u00f3n (ITI) se implementaron parcelas de investigaci\u00f3n acci\u00f3n participativa junto a AFs de comunidades de Puna, Quebada, Ramal y Valle Juje\u00f1o. Mont\u00e1ndose e inaugur\u00e1ndose en Mayo del 2017 el Laboratorio de innovaci\u00f3n y validaci\u00f3n de tecnolog\u00edas agroecol\u00f3gicas &#8220;LIVTA&#8221;. En todos los casos se promueve el incremento de biodiversidad, la disminuci\u00f3n de insumos qu\u00edmicos, el redise\u00f1o de los sistemas productivos integrando saberes y experiencias en cada caso.<\/p>\n\n\n\n<p>La difusi\u00f3n del enfoque agroecol\u00f3gico, considerado como apropiado para potenciar el desarrollo sostenible de AF, contribuye a garantizar la soberan\u00eda alimentaria y tecnolog\u00eda, acompa\u00f1ando a los AFs en cambalaches, ferias y\/o talleres, promoviendo espacios de reflexi\u00f3n y an\u00e1lisis sobre problem\u00e1tica del sector.<\/p>\n\n\n\n<p>En el \u00e1mbito acad\u00e9mico el enfoque agroecol\u00f3gico se aborda mediante la oferta de pasant\u00edas a estudiantes y t\u00e9cnicos, becas de grado y posgrado; cursos para estudiantes de las distintas carreras (trabajos en laboratorio, trabajos de acompa\u00f1amiento de experiencias con productores, instancias de capacitaci\u00f3n, &nbsp;etc.), lo que ha impactado e impacta positivamente no solo en la formaci\u00f3n t\u00e9cnica de los futuros profesionales sino tambi\u00e9n en la sensibilizaci\u00f3n de los mismos frente a las distintas realidades locales y regionales del sector. Se proponen acciones vinculadas al nivel medio orientado a capacitaciones docentes, estudiantiles y\/o de toda la comunidad educativa.<\/p>\n\n\n\n<p>Por Res. CAFCA N\u00ba 609\/2022 y N\u00b0 387\/2024 se actualiz\u00f3 el equipo de integrantes permanentes del (CEDAF)<br>Coordinador del&nbsp;CEDAF: Mg. Ing. Agr. Mario Bonillo&nbsp;<br>Directora y Co-Directora respectivamente del Laboratorio de innovaci\u00f3n y validaci\u00f3n de tecnolog\u00edas <br>agroecol\u00f3gicas del&nbsp;CEDAF- LIVTA Severino: Mag. Ing. Agr. Susana Alvarez y Mg. Lic. Anal\u00eda Catacata (Res. CAFCA N\u00b0612\/2017)<br>T\u00e9cnicas del LIVTA: Ing. Adela Rivera, Ing. Agr. Paola Saiquita<\/p>\n\n\n\n<p>Equipo de docentes-investigadores: Ing. Agr. Antonela P. Geronazzo, Ing. Agr. Guadalupe Abdo, Ing. Agr. Jorge Chauque, Dra. Cristina Rueda, Mg. Ing. Agr. Alcira Chocovar, Lic. en Biol. Mauricio Garc\u00eda, Lic. en Biot. Mirta Ag\u00fcero, Ing. Agr. Omar Medina, Ing. Agr. Javier Bautista, Ing. Agr. German Bonillo, Ing. Agr. Lino Sebastian Ibarra, Lic. Paula Corregidor y el integrante extra facultad Ing. Agr. Claudio Ort\u00edz (INTA-Yuto)<br>Se vinculan al&nbsp;CEDAF&nbsp;de forma temporal, estudiantes; becarios CIN: 2023-2024: Emanuel Arturo Garc\u00eda (IA) y Emilce Benitez (IA) y Becarios Beca Manuel Belgrano: Michelle Jacqueline Quiroga (IA) y Sergio Alexis Rios (LDR).<\/p>\n","protected":false},"excerpt":{"rendered":"<p>Somos CEDAF El CEDAF creado a mediados del a\u00f1o 2005 en al \u00e1mbito de la Facultad de Ciencias Agrarias de la UNJu (Resoluci\u00f3n CAFCA NO 300\/05), es un centro especializado en el desarrollo de tecnolog\u00eda agroecol\u00f3gica, el estudio de casos, la validaci\u00f3n y difusi\u00f3n de tecnolog\u00eda tradicional y la extensi\u00f3n de los resultados en el [&hellip;]<\/p>\n","protected":false},"author":1,"featured_media":0,"parent":0,"menu_order":0,"comment_status":"closed","ping_status":"closed","template":"","meta":{"footnotes":""},"class_list":["post-89","page","type-page","status-publish","hentry"],"_links":{"self":[{"href":"http:\/\/cedaf.fca.unju.edu.ar\/index.php?rest_route=\/wp\/v2\/pages\/89","targetHints":{"allow":["GET"]}}],"collection":[{"href":"http:\/\/cedaf.fca.unju.edu.ar\/index.php?rest_route=\/wp\/v2\/pages"}],"about":[{"href":"http:\/\/cedaf.fca.unju.edu.ar\/index.php?rest_route=\/wp\/v2\/types\/page"}],"author":[{"embeddable":true,"href":"http:\/\/cedaf.fca.unju.edu.ar\/index.php?rest_route=\/wp\/v2\/users\/1"}],"replies":[{"embeddable":true,"href":"http:\/\/cedaf.fca.unju.edu.ar\/index.php?rest_route=%2Fwp%2Fv2%2Fcomments&post=89"}],"version-history":[{"count":7,"href":"http:\/\/cedaf.fca.unju.edu.ar\/index.php?rest_route=\/wp\/v2\/pages\/89\/revisions"}],"predecessor-version":[{"id":744,"href":"http:\/\/cedaf.fca.unju.edu.ar\/index.php?rest_route=\/wp\/v2\/pages\/89\/revisions\/744"}],"wp:attachment":[{"href":"http:\/\/cedaf.fca.unju.edu.ar\/index.php?rest_route=%2Fwp%2Fv2%2Fmedia&parent=89"}],"curies":[{"name":"wp","href":"https:\/\/api.w.org\/{rel}","templated":true}]}}